{"id":324,"date":"2021-04-22T12:30:09","date_gmt":"2021-04-22T10:30:09","guid":{"rendered":"https:\/\/ecosistemalitoral.dival.es\/?page_id=324"},"modified":"2021-05-19T08:20:28","modified_gmt":"2021-05-19T06:20:28","slug":"el-chorlitejo-patinegro","status":"publish","type":"page","link":"https:\/\/ecosistemalitoral.dival.es\/index.php\/es\/el-chorlitejo-patinegro\/","title":{"rendered":"El chorlitejo patinegro"},"content":{"rendered":"<p>[et_pb_section fb_built=&#8221;1&#8243; _builder_version=&#8221;4.6.1&#8243; _module_preset=&#8221;default&#8221; custom_padding=&#8221;0px||0px|||&#8221;][et_pb_row _builder_version=&#8221;4.6.1&#8243; _module_preset=&#8221;default&#8221;][et_pb_column type=&#8221;4_4&#8243; _builder_version=&#8221;4.6.1&#8243; _module_preset=&#8221;default&#8221;][et_pb_text _builder_version=&#8221;4.6.1&#8243; _module_preset=&#8221;default&#8221; header_font=&#8221;|700||on|||||&#8221; header_font_size=&#8221;45px&#8221; header_2_font=&#8221;|700||on|||||&#8221; header_2_font_size=&#8221;45px&#8221;]<\/p>\n<h1>El Chorlitejo patinegro<\/h1>\n<p><strong><em>Charadrius alexandrinus<\/em><\/strong><\/p>\n<p>[\/et_pb_text][\/et_pb_column][\/et_pb_row][et_pb_row column_structure=&#8221;1_2,1_2&#8243; _builder_version=&#8221;4.6.1&#8243; _module_preset=&#8221;default&#8221; custom_padding=&#8221;0px|||||&#8221;][et_pb_column type=&#8221;1_2&#8243; _builder_version=&#8221;4.6.1&#8243; _module_preset=&#8221;default&#8221;][et_pb_text _builder_version=&#8221;4.6.1&#8243; _module_preset=&#8221;default&#8221; header_2_text_color=&#8221;#91b3a9&#8243; header_3_font=&#8221;|700||on|||||&#8221; header_3_text_color=&#8221;#91b3a9&#8243;]<\/p>\n<h3><span>Un superviviente de nuestras playas<\/span><\/h3>\n<p style=\"text-align: justify;\">El chorlitejo patinegro es una peque\u00f1a ave protegida de apenas 40 gramos de peso que habita en nuestras playas, humedales y lagunas saladas. Hablamos de esta especie pues es representativa al compartir muchas de las amenazas que sufre la biodiversidad de nuestras costas y humedales.<\/p>\n<p style=\"text-align: justify;\">Es lim\u00edcola, es decir, suele vivir cerca del limo o lodo aliment\u00e1ndose de insectos, crust\u00e1ceos y moluscos enterrados en \u00e9l. Se diferencia de otras especies de chorlitejos por el color oscuro de sus patas.<\/p>\n<h3>H\u00e1bitat y nidificaci\u00f3n<\/h3>\n<p style=\"text-align: justify;\">Tiene una gran distribuci\u00f3n geogr\u00e1fica que abarca zonas del norte de \u00c1frica, Europa y Asia, desde los 10\u00ba a los 55\u00ba de latitud. Algunas poblaciones son migratorias y a menudo invernan en \u00c1frica, mientras que otras, no migran.<\/p>\n<p style=\"text-align: justify;\"><span>En concreto, en la provincia de Valencia podemos verlo durante todo el a\u00f1o en las playas donde quedan dunas. Est\u00e1 <\/span><span>considerada una <strong>especie vulnerable<\/strong>, <\/span><span><strong>contabiliz\u00e1<\/strong><\/span><span><strong>ndose apenas 250 parejas en la Comunitat Valenciana<\/strong><\/span><span>*. Su <strong>periodo de nidificaci\u00f3<\/strong><strong>n<\/strong><\/span><span> es de <strong>marzo a junio<\/strong> y es caracter\u00ed<\/span><span>stico porque deja sus huevos directamente sobre la arena o en lugares expuestos o con un grado de cobertura vegetal escasa o variable. Este hecho los hace muy vulnerables y en numerosas ocasiones los polluelos no llegan a nacer. El <em>Charadrius alexandrinus<\/em> a menudo representa un ejemplo de conciliaci\u00f3<\/span><span>n, turn\u00e1<\/span><span>ndose el macho y la hembra para incubar los huevos durante 20-25 d\u00ed<\/span><span>as, pero debido a la escasa probabilidad de supervivencia de las cr\u00ed<\/span><span>as a menudo realizan dos o tres puestas, ocup\u00e1<\/span><span>ndose el macho de los polluelos mientras la hembra se ocupa de realizar nuevas puestas debido a su instinto de supervivencia para garantizar la continuidad de la especie.<\/span><\/p>\n<p><strong><\/strong><\/p>\n<p>[\/et_pb_text][\/et_pb_column][et_pb_column type=&#8221;1_2&#8243; _builder_version=&#8221;4.6.1&#8243; _module_preset=&#8221;default&#8221;][et_pb_image src=&#8221;https:\/\/ecosistemalitoral.dival.es\/wp-content\/uploads\/chorlitejo.jpg&#8221; title_text=&#8221;chorlitejo&#8221; align=&#8221;right&#8221; _builder_version=&#8221;4.6.1&#8243; _module_preset=&#8221;default&#8221; max_width=&#8221;90%&#8221;][\/et_pb_image][\/et_pb_column][\/et_pb_row][\/et_pb_section][et_pb_section fb_built=&#8221;1&#8243; _builder_version=&#8221;4.6.1&#8243; _module_preset=&#8221;default&#8221; background_color=&#8221;#92c4c9&#8243; background_enable_image=&#8221;off&#8221; custom_padding=&#8221;0px||0px|||&#8221;][et_pb_row column_structure=&#8221;1_3,1_3,1_3&#8243; _builder_version=&#8221;4.6.1&#8243; _module_preset=&#8221;default&#8221;][et_pb_column type=&#8221;1_3&#8243; _builder_version=&#8221;4.6.1&#8243; _module_preset=&#8221;default&#8221;][et_pb_image src=&#8221;http:\/\/ecosistemalitoral.dival.es\/wp-content\/uploads\/libro.jpg&#8221; title_text=&#8221;libro&#8221; align=&#8221;right&#8221; align_tablet=&#8221;center&#8221; align_phone=&#8221;&#8221; align_last_edited=&#8221;on|tablet&#8221; _builder_version=&#8221;4.6.1&#8243; _module_preset=&#8221;default&#8221;][\/et_pb_image][\/et_pb_column][et_pb_column type=&#8221;1_3&#8243; _builder_version=&#8221;4.6.1&#8243; _module_preset=&#8221;default&#8221;][et_pb_text _builder_version=&#8221;4.6.1&#8243; _module_preset=&#8221;default&#8221; header_2_font=&#8221;|||on|||||&#8221; header_2_text_align=&#8221;left&#8221; header_2_text_color=&#8221;#ffffff&#8221;]<\/p>\n<h2>Desc\u00e1rgate nuestra gu\u00eda sobre el chorlitejo patinegro y el ecosistema litoral<\/h2>\n<p>[\/et_pb_text][et_pb_divider color=&#8221;#b7b7b7&#8243; divider_weight=&#8221;3px&#8221; _builder_version=&#8221;4.6.1&#8243; _module_preset=&#8221;default&#8221; background_color=&#8221;rgba(0,0,0,0)&#8221; max_width=&#8221;16%&#8221; module_alignment=&#8221;center&#8221; border_color_all=&#8221;rgba(0,0,0,0)&#8221;][\/et_pb_divider][et_pb_text _builder_version=&#8221;4.6.1&#8243; _module_preset=&#8221;default&#8221; text_text_color=&#8221;#ffffff&#8221;]<\/p>\n<p>Conoce a esta peque\u00f1a ave, sus costumbres, su h\u00e1bitat, cu\u00e1ndo nidifica y por qu\u00e9 es tan importante protegerle.<\/p>\n<p>[\/et_pb_text][et_pb_button button_url=&#8221;https:\/\/ecosistemalitoral.dival.es\/index.php\/guia-chorlitejo-ca\/&#8221; url_new_window=&#8221;on&#8221; button_text=&#8221;DESCARGAR&#8221; button_alignment=&#8221;center&#8221; _builder_version=&#8221;4.6.1&#8243; _module_preset=&#8221;default&#8221; custom_button=&#8221;on&#8221; button_text_size=&#8221;12px&#8221; button_text_color=&#8221;#ffffff&#8221; button_bg_color=&#8221;#bca17d&#8221; button_border_width=&#8221;0px&#8221; button_border_radius=&#8221;0px&#8221; button_use_icon=&#8221;off&#8221; background_layout=&#8221;dark&#8221; custom_padding=&#8221;10px|40px|10px|40px|false|false&#8221;][\/et_pb_button][\/et_pb_column][et_pb_column type=&#8221;1_3&#8243; _builder_version=&#8221;4.6.1&#8243; _module_preset=&#8221;default&#8221;][\/et_pb_column][\/et_pb_row][\/et_pb_section][et_pb_section fb_built=&#8221;1&#8243; _builder_version=&#8221;4.6.1&#8243; _module_preset=&#8221;default&#8221; custom_padding=&#8221;0px||29px|||&#8221;][et_pb_row column_structure=&#8221;1_4,1_2,1_4&#8243; _builder_version=&#8221;4.6.1&#8243; _module_preset=&#8221;default&#8221; custom_margin=&#8221;1px|auto||auto||&#8221;][et_pb_column type=&#8221;1_4&#8243; _builder_version=&#8221;4.6.1&#8243; _module_preset=&#8221;default&#8221;][\/et_pb_column][et_pb_column type=&#8221;1_2&#8243; _builder_version=&#8221;4.6.1&#8243; _module_preset=&#8221;default&#8221;][et_pb_text _builder_version=&#8221;4.6.1&#8243; _module_preset=&#8221;default&#8221; header_2_font=&#8221;|600||on|||||&#8221; header_2_text_align=&#8221;center&#8221; header_2_text_color=&#8221;#000000&#8243; header_2_font_size=&#8221;20px&#8221; custom_margin=&#8221;50px||10px||false|false&#8221;]<\/p>\n<h2>playas de la provincia en las que podemos encontrarlo ya que su presencia se encuentra ligada a los ecosistemas dunares litorales:<\/h2>\n<p>[\/et_pb_text][\/et_pb_column][et_pb_column type=&#8221;1_4&#8243; _builder_version=&#8221;4.6.1&#8243; _module_preset=&#8221;default&#8221;][\/et_pb_column][\/et_pb_row][\/et_pb_section][et_pb_section fb_built=&#8221;1&#8243; fullwidth=&#8221;on&#8221; _builder_version=&#8221;4.6.1&#8243; _module_preset=&#8221;default&#8221; background_color=&#8221;#ccdcff&#8221;][et_pb_fullwidth_code raw_content_tablet=&#8221;&#8221; raw_content_phone=&#8221;<\/p>\n<div class=%22overlay%22>\n<iframe src=%22https:\/\/www.google.com\/maps\/d\/embed?mid=165DHvpSWIrYAv08qBHw-JP77pJ3i9_3D&#038;hl=es&#038;z=9&#038;ll=39.28532984535923%2C-0.0036008610644533423%22 class=%22mapa-maps%22 onClick=%22style.pointerEvents='none'%22 scrolling=%22no%22><\/iframe>\n<\/div>\n<p>&#8221; raw_content_last_edited=&#8221;on|phone&#8221; _builder_version=&#8221;4.6.1&#8243; _module_preset=&#8221;default&#8221; background_color=&#8221;#ccdcff&#8221; custom_margin=&#8221;|0px||||&#8221; custom_padding=&#8221;|0px||||&#8221;]<\/p>\n<div class=\"overlay\"><!-- [et_pb_line_break_holder] --><iframe src=\"https:\/\/www.google.com\/maps\/d\/embed?mid=165DHvpSWIrYAv08qBHw-JP77pJ3i9_3D&#038;hl=es&#038;z=9\" class=\"mapa-maps\" onClick=\"style.pointerEvents='none'\" scrolling=\"no\"><\/iframe><!-- [et_pb_line_break_holder] --><\/div>\n<p><!-- [et_pb_line_break_holder] --><!-- [et_pb_line_break_holder] -->[\/et_pb_fullwidth_code][\/et_pb_section][et_pb_section fb_built=&#8221;1&#8243; _builder_version=&#8221;4.6.1&#8243; _module_preset=&#8221;default&#8221; custom_padding=&#8221;||0px|||&#8221;][et_pb_row _builder_version=&#8221;4.6.1&#8243; _module_preset=&#8221;default&#8221;][et_pb_column type=&#8221;4_4&#8243; _builder_version=&#8221;4.6.1&#8243; _module_preset=&#8221;default&#8221;][et_pb_text _builder_version=&#8221;4.6.1&#8243; _module_preset=&#8221;default&#8221; header_3_font=&#8221;|700||on|||||&#8221; header_3_text_color=&#8221;#91b3a9&#8243;]<\/p>\n<h3><span>Amenazas<\/span><\/h3>\n<p style=\"text-align: justify;\">La amenaza m\u00e1s importante a la que se ve sometida es la <strong>p\u00e9rdida y alteraci\u00f3n de su h\u00e1bitat<\/strong>, por la construcci\u00f3n de casas en las zonas de playa y humedales, vi\u00e9ndose alterados sus lugares habituales de nidificaci\u00f3n. Esto ha provocado en los \u00faltimos a\u00f1os un descenso considerable de su poblaci\u00f3n en nuestras costas. La presencia masiva de personas en la playa, el trasiego de mascotas, la pr\u00e1ctica de deportes acu\u00e1ticos, la limpieza mecanizada en \u00e9poca de cr\u00eda son otros aspectos de los que influyen negativamente.<\/p>\n<p style=\"text-align: justify;\">Es posible consultar el informe de seguimiento de las poblaciones nidificantes de chorlitejo patinegro en la Comunitat Valenciana del a\u00f1o 2020 en el siguiente <a href=\"https:\/\/parquesnaturales.gva.es\/documents\/80302883\/162014203\/Seguimiento+de+las+poblaciones+nidificantes+de+chorlitejo+patinegro+en+la+CV_2020.pdf\/1a1a9925-cfaf-49c0-b9ae-b276eeb622ac\" target=\"_blank\" rel=\"noopener noreferrer\">enlace<\/a> donde se puede apreciar c\u00f3mo las parejas censadas apenas han variado en el \u00faltimo a\u00f1o, 259 en el 2020 frente a 263 en el 2019.<\/p>\n<p>[\/et_pb_text][\/et_pb_column][\/et_pb_row][\/et_pb_section][et_pb_section fb_built=&#8221;1&#8243; fullwidth=&#8221;on&#8221; _builder_version=&#8221;4.6.1&#8243; _module_preset=&#8221;default&#8221;][et_pb_fullwidth_image src=&#8221;https:\/\/ecosistemalitoral.dival.es\/wp-content\/uploads\/amenazas.gif&#8221; title_text=&#8221;amenazas&#8221; _builder_version=&#8221;4.6.1&#8243; _module_preset=&#8221;default&#8221;][\/et_pb_fullwidth_image][\/et_pb_section][et_pb_section fb_built=&#8221;1&#8243; _builder_version=&#8221;4.6.1&#8243; _module_preset=&#8221;default&#8221;][et_pb_row column_structure=&#8221;1_2,1_2&#8243; _builder_version=&#8221;4.6.1&#8243; _module_preset=&#8221;default&#8221;][et_pb_column type=&#8221;1_2&#8243; _builder_version=&#8221;4.6.1&#8243; _module_preset=&#8221;default&#8221;][et_pb_image src=&#8221;https:\/\/ecosistemalitoral.dival.es\/wp-content\/uploads\/chorlitejo_en_playa_cedida_por_espai_simbiosi.jpg&#8221; title_text=&#8221;chorlitejo_en_playa_cedida_por_espai_simbiosi&#8221; _builder_version=&#8221;4.6.1&#8243; _module_preset=&#8221;default&#8221;][\/et_pb_image][et_pb_text _builder_version=&#8221;4.6.1&#8243; _module_preset=&#8221;default&#8221; text_text_color=&#8221;#91b3a9&#8243;]<\/p>\n<p>Ejemplar de chorlitejo patinegro en la arena de la playa.<\/p>\n<p>[\/et_pb_text][\/et_pb_column][et_pb_column type=&#8221;1_2&#8243; _builder_version=&#8221;4.6.1&#8243; _module_preset=&#8221;default&#8221;][et_pb_image src=&#8221;https:\/\/ecosistemalitoral.dival.es\/wp-content\/uploads\/IMG_1283.jpg&#8221; title_text=&#8221;IMG_1283&#8243; _builder_version=&#8221;4.6.1&#8243; _module_preset=&#8221;default&#8221;][\/et_pb_image][et_pb_text _builder_version=&#8221;4.6.1&#8243; _module_preset=&#8221;default&#8221; text_text_color=&#8221;#91b3a9&#8243;]<\/p>\n<p>Se\u00f1alizaci\u00f3n de\u00a0 \u00e1rea de nidificaci\u00f3n y delimitaci\u00f3n con talanqueras.<\/p>\n<p>[\/et_pb_text][\/et_pb_column][\/et_pb_row][\/et_pb_section][et_pb_section fb_built=&#8221;1&#8243; _builder_version=&#8221;4.6.1&#8243; _module_preset=&#8221;default&#8221; background_enable_color=&#8221;off&#8221; background_image=&#8221;https:\/\/ecosistemalitoral.dival.es\/wp-content\/uploads\/adhesivos_mockup.jpg&#8221; custom_padding=&#8221;250px||250px||false|false&#8221;][et_pb_row column_structure=&#8221;1_3,1_3,1_3&#8243; _builder_version=&#8221;4.6.1&#8243; _module_preset=&#8221;default&#8221; custom_margin=&#8221;||||false|false&#8221;][et_pb_column type=&#8221;1_3&#8243; _builder_version=&#8221;4.6.1&#8243; _module_preset=&#8221;default&#8221;][\/et_pb_column][et_pb_column type=&#8221;1_3&#8243; _builder_version=&#8221;4.6.1&#8243; _module_preset=&#8221;default&#8221;][et_pb_button button_url=&#8221;https:\/\/ecosistemalitoral.dival.es\/index.php\/pegatinas_chorlitejo_ca\/&#8221; url_new_window=&#8221;on&#8221; button_text=&#8221;IMPR\u00cdMETE TUS PROPIOS ADHESIVOS DEL CHORLITEJO PATINEGRO&#8221; button_alignment=&#8221;center&#8221; _builder_version=&#8221;4.6.1&#8243; _module_preset=&#8221;default&#8221; custom_button=&#8221;on&#8221; button_text_size=&#8221;18px&#8221; button_text_color=&#8221;#000000&#8243; button_bg_color=&#8221;#92c4c9&#8243; button_border_width=&#8221;0px&#8221; button_border_radius=&#8221;0px&#8221; button_font=&#8221;|700|||||||&#8221; button_use_icon=&#8221;off&#8221; custom_padding=&#8221;10px|40px|10px|40px|false|false&#8221;][\/et_pb_button][\/et_pb_column][et_pb_column type=&#8221;1_3&#8243; _builder_version=&#8221;4.6.1&#8243; _module_preset=&#8221;default&#8221;][\/et_pb_column][\/et_pb_row][\/et_pb_section][et_pb_section fb_built=&#8221;1&#8243; _builder_version=&#8221;4.6.1&#8243; _module_preset=&#8221;default&#8221;][et_pb_row _builder_version=&#8221;4.6.1&#8243; _module_preset=&#8221;default&#8221;][et_pb_column type=&#8221;4_4&#8243; _builder_version=&#8221;4.6.1&#8243; _module_preset=&#8221;default&#8221;][et_pb_text _builder_version=&#8221;4.6.1&#8243; _module_preset=&#8221;default&#8221; header_3_font=&#8221;|700||on|||||&#8221; header_3_text_color=&#8221;#91b3a9&#8243; text_orientation=&#8221;justified&#8221; hover_enabled=&#8221;0&#8243; sticky_enabled=&#8221;0&#8243;]<\/p>\n<h3 style=\"text-align: justify;\">Gesti\u00f3n<\/h3>\n<p style=\"text-align: justify;\"><span>Conscientes de este problema se est\u00e1 <\/span><span>actuando para revertir esta situaci\u00f3n desde diversos frentes como la <strong>colocaci\u00f3n de talanqueras de protecci\u00f3n<\/strong> <strong>que acotan el acceso a las dunas<\/strong>, <strong>restricciones en algunas playas<\/strong> en la limpieza mec\u00e1<\/span><span>nica de playas en <\/span><span>\u00e9<\/span><span>poca de nidificaci\u00f3n y<strong> campa\u00f1<\/strong><\/span><strong>as de divulgaci<\/strong><span><strong>\u00f3n<\/strong> para que todos y todas conozcamos y valoremos a esta peque\u00f1<\/span><span>a ave.<\/span><\/p>\n<h3>Curiosidades<\/h3>\n<p style=\"text-align: justify;\"><span>Fue elegida <strong>Ave del A\u00f1o 2019<\/strong> por votaci\u00f3n popular organizada por SEO\/BirdLife y gracias a este hecho cada vez m\u00e1<\/span><span>s personas conocen a esta peque\u00f1a ave y es factible una mayor concienciaci\u00f3n de su situaci\u00f3n.<\/span><\/p>\n<p style=\"text-align: justify;\"><span>En las zonas de costa se alimenta principalmente de crust\u00e1<\/span><span>ceos, lombrices y moluscos. Tambi<\/span><span>\u00e9<\/span><span>n de pulgas de mar, que captura cuando se retiran las olas, corriendo velozmente sobre la arena con el cuerpo medio agachado, haciendo de este gesto algo particular suyo. Sin embargo, en zonas de interior se alimenta de insectos adultos, larvas de escarabajos, moscas, hormigas e invertebrados.<\/span><\/p>\n<p style=\"text-align: justify;\"><span>Resulta curiosa tambi<\/span><span>\u00e9<\/span><span>n su <strong>coloraci\u00f3n<\/strong>, siendo caracter\u00ed<\/span><span>stico de ellos su pico y patas tanto en machos como en hembras. Su plumaje es dim\u00f3rfico cuando son adultos (diferente en machos y hembras). Por ejemplo, durante la <\/span><span>\u00e9<\/span><span>poca de cr\u00ed<\/span><span>a, los machos tienen una barra negra horizontal\u00a0 en la cabeza y dos bandas oscuras en los laterales mientras que las hembras no presentan estas manchas y tienen un tono m\u00e1<\/span><span>s p\u00e1<\/span><span>lido en general.<\/span><\/p>\n<p>[\/et_pb_text][\/et_pb_column][\/et_pb_row][et_pb_row column_structure=&#8221;1_2,1_2&#8243; _builder_version=&#8221;4.6.1&#8243; _module_preset=&#8221;default&#8221; background_color=&#8221;#92c4c9&#8243;][et_pb_column type=&#8221;1_2&#8243; _builder_version=&#8221;4.6.1&#8243; _module_preset=&#8221;default&#8221;][et_pb_image src=&#8221;https:\/\/ecosistemalitoral.dival.es\/wp-content\/uploads\/chorli-ok.png&#8221; title_text=&#8221;chorli-ok&#8221; align=&#8221;center&#8221; _builder_version=&#8221;4.6.1&#8243; _module_preset=&#8221;default&#8221;][\/et_pb_image][\/et_pb_column][et_pb_column type=&#8221;1_2&#8243; _builder_version=&#8221;4.6.1&#8243; _module_preset=&#8221;default&#8221;][et_pb_text _builder_version=&#8221;4.6.1&#8243; _module_preset=&#8221;default&#8221; text_text_color=&#8221;#ffffff&#8221; header_4_text_color=&#8221;#ffffff&#8221; header_4_font_size=&#8221;26px&#8221; custom_padding=&#8221;|50px||50px|false|false&#8221; custom_padding_tablet=&#8221;&#8221; custom_padding_phone=&#8221;|15px||15px|false|false&#8221; custom_padding_last_edited=&#8221;on|phone&#8221; header_4_font_size_tablet=&#8221;&#8221; header_4_font_size_phone=&#8221;20px&#8221; header_4_font_size_last_edited=&#8221;on|phone&#8221;]<\/p>\n<h4><strong>\u00bfC\u00f3mo podemos ayudarle en su recuperaci\u00f3n?<\/strong><\/h4>\n<ul>\n<li>Accediendo a la playa por los lugares habilitados.<\/li>\n<li>No dejando a las mascotas sueltas en la playa.<\/li>\n<li>Manteniendo la playa y los entornos naturales limpios.<\/li>\n<li>Disfrutando del entorno con cuidado y respeto.<\/li>\n<li>Conoci\u00e9ndole mejor y participando en iniciativas de los municipios costeros que realizan acciones de conservaci\u00f3n y vigilancia de las dunas.<\/li>\n<\/ul>\n<p>[\/et_pb_text][\/et_pb_column][\/et_pb_row][\/et_pb_section]<\/p>\n","protected":false},"excerpt":{"rendered":"<p>[et_pb_section fb_built=&#8221;1&#8243; _builder_version=&#8221;4.6.1&#8243; _module_preset=&#8221;default&#8221; custom_padding=&#8221;0px||0px|||&#8221;][et_pb_row _builder_version=&#8221;4.6.1&#8243; _module_preset=&#8221;default&#8221;][et_pb_column type=&#8221;4_4&#8243; _builder_version=&#8221;4.6.1&#8243; _module_preset=&#8221;default&#8221;][et_pb_text _builder_version=&#8221;4.6.1&#8243; _module_preset=&#8221;default&#8221; header_font=&#8221;|700||on|||||&#8221; header_font_size=&#8221;45px&#8221; header_2_font=&#8221;|700||on|||||&#8221; header_2_font_size=&#8221;45px&#8221;] El Chorlitejo patinegro Charadrius alexandrinus [\/et_pb_text][\/et_pb_column][\/et_pb_row][et_pb_row column_structure=&#8221;1_2,1_2&#8243; _builder_version=&#8221;4.6.1&#8243; _module_preset=&#8221;default&#8221; custom_padding=&#8221;0px|||||&#8221;][et_pb_column type=&#8221;1_2&#8243; _builder_version=&#8221;4.6.1&#8243; _module_preset=&#8221;default&#8221;][et_pb_text _builder_version=&#8221;4.6.1&#8243; _module_preset=&#8221;default&#8221; header_2_text_color=&#8221;#91b3a9&#8243; header_3_font=&#8221;|700||on|||||&#8221; header_3_text_color=&#8221;#91b3a9&#8243;] Un superviviente de nuestras playas El chorlitejo patinegro es una peque\u00f1a ave protegida de apenas 40 gramos de peso que habita [&hellip;]<\/p>\n","protected":false},"author":6,"featured_media":0,"parent":0,"menu_order":0,"comment_status":"closed","ping_status":"closed","template":"","meta":{"_et_pb_use_builder":"on","_et_pb_old_content":"<!-- wp:divi\/placeholder \/-->","_et_gb_content_width":""},"yoast_head":"<!-- This site is optimized with the Yoast SEO plugin v15.2.1 - https:\/\/yoast.com\/wordpress\/plugins\/seo\/ -->\n<title>El chorlitejo patinegro - Ecosistema litoral<\/title>\n<meta name=\"robots\" content=\"index, follow, max-snippet:-1, max-image-preview:large, max-video-preview:-1\" \/>\n<link rel=\"canonical\" href=\"https:\/\/ecosistemalitoral.dival.es\/index.php\/es\/el-chorlitejo-patinegro\/\" \/>\n<meta property=\"og:locale\" content=\"es_ES\" \/>\n<meta property=\"og:type\" content=\"article\" \/>\n<meta property=\"og:title\" content=\"El chorlitejo patinegro - Ecosistema litoral\" \/>\n<meta property=\"og:description\" content=\"[et_pb_section fb_built=&#8221;1&#8243; _builder_version=&#8221;4.6.1&#8243; _module_preset=&#8221;default&#8221; custom_padding=&#8221;0px||0px|||&#8221;][et_pb_row _builder_version=&#8221;4.6.1&#8243; _module_preset=&#8221;default&#8221;][et_pb_column type=&#8221;4_4&#8243; _builder_version=&#8221;4.6.1&#8243; _module_preset=&#8221;default&#8221;][et_pb_text _builder_version=&#8221;4.6.1&#8243; _module_preset=&#8221;default&#8221; header_font=&#8221;|700||on|||||&#8221; header_font_size=&#8221;45px&#8221; header_2_font=&#8221;|700||on|||||&#8221; header_2_font_size=&#8221;45px&#8221;] El Chorlitejo patinegro Charadrius alexandrinus [\/et_pb_text][\/et_pb_column][\/et_pb_row][et_pb_row column_structure=&#8221;1_2,1_2&#8243; _builder_version=&#8221;4.6.1&#8243; _module_preset=&#8221;default&#8221; custom_padding=&#8221;0px|||||&#8221;][et_pb_column type=&#8221;1_2&#8243; _builder_version=&#8221;4.6.1&#8243; _module_preset=&#8221;default&#8221;][et_pb_text _builder_version=&#8221;4.6.1&#8243; _module_preset=&#8221;default&#8221; header_2_text_color=&#8221;#91b3a9&#8243; header_3_font=&#8221;|700||on|||||&#8221; header_3_text_color=&#8221;#91b3a9&#8243;] Un superviviente de nuestras playas El chorlitejo patinegro es una peque\u00f1a ave protegida de apenas 40 gramos de peso que habita [&hellip;]\" \/>\n<meta property=\"og:url\" content=\"https:\/\/ecosistemalitoral.dival.es\/index.php\/es\/el-chorlitejo-patinegro\/\" \/>\n<meta property=\"og:site_name\" content=\"Ecosistema litoral\" \/>\n<meta property=\"article:modified_time\" content=\"2021-05-19T06:20:28+00:00\" \/>\n<meta name=\"twitter:card\" content=\"summary_large_image\" \/>\n<meta name=\"twitter:label1\" content=\"Escrito por\">\n\t<meta name=\"twitter:data1\" content=\"Ana Nieto\">\n\t<meta name=\"twitter:label2\" content=\"Tiempo de lectura\">\n\t<meta name=\"twitter:data2\" content=\"8 minutos\">\n<script type=\"application\/ld+json\" class=\"yoast-schema-graph\">{\"@context\":\"https:\/\/schema.org\",\"@graph\":[{\"@type\":\"WebSite\",\"@id\":\"https:\/\/ecosistemalitoral.dival.es\/#website\",\"url\":\"https:\/\/ecosistemalitoral.dival.es\/\",\"name\":\"Ecosistema litoral\",\"description\":\"Es el sitio por defecto\",\"potentialAction\":[{\"@type\":\"SearchAction\",\"target\":\"https:\/\/ecosistemalitoral.dival.es\/?s={search_term_string}\",\"query-input\":\"required name=search_term_string\"}],\"inLanguage\":\"es\"},{\"@type\":\"WebPage\",\"@id\":\"https:\/\/ecosistemalitoral.dival.es\/index.php\/es\/el-chorlitejo-patinegro\/#webpage\",\"url\":\"https:\/\/ecosistemalitoral.dival.es\/index.php\/es\/el-chorlitejo-patinegro\/\",\"name\":\"El chorlitejo patinegro - Ecosistema litoral\",\"isPartOf\":{\"@id\":\"https:\/\/ecosistemalitoral.dival.es\/#website\"},\"datePublished\":\"2021-04-22T10:30:09+00:00\",\"dateModified\":\"2021-05-19T06:20:28+00:00\",\"inLanguage\":\"es\",\"potentialAction\":[{\"@type\":\"ReadAction\",\"target\":[\"https:\/\/ecosistemalitoral.dival.es\/index.php\/es\/el-chorlitejo-patinegro\/\"]}]}]}<\/script>\n<!-- \/ Yoast SEO plugin. -->","_links":{"self":[{"href":"https:\/\/ecosistemalitoral.dival.es\/index.php\/wp-json\/wp\/v2\/pages\/324"}],"collection":[{"href":"https:\/\/ecosistemalitoral.dival.es\/index.php\/wp-json\/wp\/v2\/pages"}],"about":[{"href":"https:\/\/ecosistemalitoral.dival.es\/index.php\/wp-json\/wp\/v2\/types\/page"}],"author":[{"embeddable":true,"href":"https:\/\/ecosistemalitoral.dival.es\/index.php\/wp-json\/wp\/v2\/users\/6"}],"replies":[{"embeddable":true,"href":"https:\/\/ecosistemalitoral.dival.es\/index.php\/wp-json\/wp\/v2\/comments?post=324"}],"version-history":[{"count":8,"href":"https:\/\/ecosistemalitoral.dival.es\/index.php\/wp-json\/wp\/v2\/pages\/324\/revisions"}],"predecessor-version":[{"id":720,"href":"https:\/\/ecosistemalitoral.dival.es\/index.php\/wp-json\/wp\/v2\/pages\/324\/revisions\/720"}],"wp:attachment":[{"href":"https:\/\/ecosistemalitoral.dival.es\/index.php\/wp-json\/wp\/v2\/media?parent=324"}],"curies":[{"name":"wp","href":"https:\/\/api.w.org\/{rel}","templated":true}]}}